{"id":534,"date":"2021-12-23T15:17:09","date_gmt":"2021-12-23T14:17:09","guid":{"rendered":"https:\/\/nayade.publitesa.es\/?page_id=534"},"modified":"2024-06-06T11:42:24","modified_gmt":"2024-06-06T09:42:24","slug":"ipl-rejuvenecimiento-terrassa","status":"publish","type":"page","link":"https:\/\/centromediconayade.com\/es\/medicina-estetica\/ipl-rejuvenecimiento-terrassa\/","title":{"rendered":"IPL y rejuvenecimiento"},"content":{"rendered":"<div class=\"wpb-content-wrapper\">[vc_row css_animation=\u00bb\u00bb row_type=\u00bbrow\u00bb use_row_as_full_screen_section=\u00bbno\u00bb type=\u00bbgrid\u00bb angled_section=\u00bbno\u00bb text_align=\u00bbleft\u00bb background_image_as_pattern=\u00bbwithout_pattern\u00bb z_index=\u00bb\u00bb el_class=\u00bbpagespecontainer\u00bb][vc_column][vc_row_inner row_type=\u00bbrow\u00bb type=\u00bbfull_width\u00bb text_align=\u00bbleft\u00bb css_animation=\u00bb\u00bb el_class=\u00bbpagespecontent\u00bb][vc_column_inner width=\u00bb1\/5&#8243;][vc_widget_sidebar sidebar_id=\u00bbvertical_menu_area\u00bb el_class=\u00bbespesubmenu1&#8243;][\/vc_column_inner][vc_column_inner el_class=\u00bbespemidcol1&#8243; width=\u00bb2\/5&#8243;][vc_column_text el_class=\u00bbacordetotith2&#8243;]\n<h2>Nuestros tratamientos IPL y rejuvenecimiento<\/h2>\n[\/vc_column_text][vc_column_text el_class=\u00bbmedesteacor1 acordetith2&#8243;]<style>#sp-ea-540 .spcollapsing { height: 0; overflow: hidden; transition-property: height;transition-duration: 300ms;}#sp-ea-540.sp-easy-accordion>.sp-ea-single {margin-bottom: 10px; border: 0px solid #e2e2e2; }#sp-ea-540.sp-easy-accordion>.sp-ea-single>.ea-header a {color: #444;}#sp-ea-540.sp-easy-accordion>.sp-ea-single>.sp-collapse>.ea-body {background: #fff; color: #444;}#sp-ea-540.sp-easy-accordion>.sp-ea-single {background: rgba(255,255,255,0);}#sp-ea-540.sp-easy-accordion>.sp-ea-single>.ea-header a .ea-expand-icon { float: left; color: #444;font-size: 16px;}<\/style><div id=\"sp_easy_accordion-1777555001\"><div id=\"sp-ea-540\" class=\"sp-ea-one sp-easy-accordion\" data-ea-active=\"ea-click\" data-ea-mode=\"vertical\" data-preloader=\"0\" data-scroll-active-item=\"\" data-offset-to-scroll=\"0\"><div class=\"ea-card sp-ea-single\"><h3 class=\"ea-header\"><a class=\"collapsed\" id=\"ea-header-5400\" role=\"button\" data-sptoggle=\"spcollapse\" data-sptarget=\"#collapse5400\" aria-controls=\"collapse5400\" href=\"#\" aria-expanded=\"false\" tabindex=\"0\"><i aria-hidden=\"true\" role=\"presentation\" class=\"ea-expand-icon eap-icon-ea-expand-plus\"><\/i> Fils tensors<\/a><\/h3><div class=\"sp-collapse spcollapse spcollapse\" id=\"collapse5400\" data-parent=\"#sp-ea-540\" role=\"region\" aria-labelledby=\"ea-header-5400\"> <div class=\"ea-body\"><h4>Efecte l\u00edfting sense cirurgia.<\/h4><p>Els <strong>fils tensors<\/strong> s\u00f3n una t\u00e8cnica per eliminar la flacciditat, tensar la pell i rejovenir el rostre i el coll creant un efecte l\u00edfting sense cirurgia.<\/p><p>Gr\u00e0cies a la innovadora t\u00e8cnica d\u2019aquest tractament, estimulem la circulaci\u00f3 sangu\u00ednia i el metabolisme de la zona tractada. D\u2019aquesta manera, el cos produeix de forma natural col\u00b7lagen i elastina.<\/p><\/div><\/div><\/div><div class=\"ea-card sp-ea-single\"><h3 class=\"ea-header\"><a class=\"collapsed\" id=\"ea-header-5401\" role=\"button\" data-sptoggle=\"spcollapse\" data-sptarget=\"#collapse5401\" aria-controls=\"collapse5401\" href=\"#\" aria-expanded=\"false\" tabindex=\"0\"><i aria-hidden=\"true\" role=\"presentation\" class=\"ea-expand-icon eap-icon-ea-expand-plus\"><\/i> Fotodepilaci\u00f3<\/a><\/h3><div class=\"sp-collapse spcollapse spcollapse\" id=\"collapse5401\" data-parent=\"#sp-ea-540\" role=\"region\" aria-labelledby=\"ea-header-5401\"> <div class=\"ea-body\"><h4>Digues ad\u00e9u a depilar-te.<\/h4><p>Oblida\u2019t de depilar-te per sempre amb la fotodepilaci\u00f3.<\/p><p>La tecnologia IPL utilitza una llum mixta que es despla\u00e7a en totes direccions, de manera que amb cada aplicaci\u00f3 cobreix una zona m\u00e9s gran que el l\u00e0ser. A m\u00e9s, \u00e9s molt vers\u00e0til i resulta efica\u00e7 en tot tipus de pell i color del p\u00e8l: el tractament s\u2019ajusta a les caracter\u00edstiques de cada persona per aconseguir resultats d\u2019\u00e8xit.<\/p><p>A la <strong>fotodepilaci\u00f3<\/strong> s\u00f3n necess\u00e0ries diferents sessions fins que aconseguim eliminar completament el p\u00e8l. En cada sessi\u00f3 s\u2019elimina aproximadament un 30% del total, que cau durant les setmanes seg\u00fcents. \u00c9s un tractament segur i indolor que es pot realitzar en diferents zones del cos en una sola sessi\u00f3.<\/p><\/div><\/div><\/div><div class=\"ea-card sp-ea-single\"><h3 class=\"ea-header\"><a class=\"collapsed\" id=\"ea-header-5402\" role=\"button\" data-sptoggle=\"spcollapse\" data-sptarget=\"#collapse5402\" aria-controls=\"collapse5402\" href=\"#\" aria-expanded=\"false\" tabindex=\"0\"><i aria-hidden=\"true\" role=\"presentation\" class=\"ea-expand-icon eap-icon-ea-expand-plus\"><\/i> Fotorejoveniment (Venus Versa)<\/a><\/h3><div class=\"sp-collapse spcollapse spcollapse\" id=\"collapse5402\" data-parent=\"#sp-ea-540\" role=\"region\" aria-labelledby=\"ea-header-5402\"> <div class=\"ea-body\"><h4>Llueix una pell jove i lliure d\u2019imperfeccions.<\/h4><p>El <strong>fotorejoveniment facial amb IPL (llum polsada)<\/strong> \u00e9s un dels tractaments est\u00e8tics m\u00e9s demandats. La llum intensa polsada millora la qualitat de la pell, gr\u00e0cies a que la tecnologia es transforma en calor i estimula les c\u00e8l\u00b7lules.<\/p><p>Aquest tractament est\u00e0 indicat per a tothom qui vulgui lluir una pell jove i lliure d\u2019imperfeccions. El n\u00famero de sessions varia en cada cas, per\u00f2 est\u00e0 entre 4 i 5 sessions aproximadament.<\/p><p>Treballem amb Venus Versa, la tecnologia avan\u00e7ada m\u00e9s efectiva. Per aix\u00f2, es noten els resultats des de la 1a sessi\u00f3 i de manera indolora.<\/p><\/div><\/div><\/div><div class=\"ea-card sp-ea-single\"><h3 class=\"ea-header\"><a class=\"collapsed\" id=\"ea-header-5403\" role=\"button\" data-sptoggle=\"spcollapse\" data-sptarget=\"#collapse5403\" aria-controls=\"collapse5403\" href=\"#\" aria-expanded=\"false\" tabindex=\"0\"><i aria-hidden=\"true\" role=\"presentation\" class=\"ea-expand-icon eap-icon-ea-expand-plus\"><\/i> Global Eyecon<\/a><\/h3><div class=\"sp-collapse spcollapse spcollapse\" id=\"collapse5403\" data-parent=\"#sp-ea-540\" role=\"region\" aria-labelledby=\"ea-header-5403\"> <div class=\"ea-body\"><h4>Apliquem un tractament espec\u00edfic per al contorn ocular.<\/h4><p>Amb l\u2019innovador programa professional <strong>Globan Eyecon<\/strong> tractem els signes de l\u2019envelliment del contorn ocular. Corregeix les imperfeccions de la zona a tractar com arrugues, ulleres i despenjament de parpelles des de la primera sessi\u00f3.<\/p><p>El contorn dels ulls t\u00e9 caracter\u00edstiques anat\u00f2miques diferents a la resta del cutis que fa que el tractament hagi de ser m\u00e9s espec\u00edfic: la pell \u00e9s molt m\u00e9s fina, t\u00e9 molts vasos i capil\u00b7lars i compta amb fins a 22 m\u00fasculs.<\/p><\/div><\/div><\/div><div class=\"ea-card sp-ea-single\"><h3 class=\"ea-header\"><a class=\"collapsed\" id=\"ea-header-5404\" role=\"button\" data-sptoggle=\"spcollapse\" data-sptarget=\"#collapse5404\" aria-controls=\"collapse5404\" href=\"#\" aria-expanded=\"false\" tabindex=\"0\"><i aria-hidden=\"true\" role=\"presentation\" class=\"ea-expand-icon eap-icon-ea-expand-plus\"><\/i> HIFU<\/a><\/h3><div class=\"sp-collapse spcollapse spcollapse\" id=\"collapse5404\" data-parent=\"#sp-ea-540\" role=\"region\" aria-labelledby=\"ea-header-5404\"> <div class=\"ea-body\"><h4>Elimina la flacciditat del teu cutis.<\/h4><p>Amb la innovadora tecnologia <strong>HIFU<\/strong> d\u2019ultrasons focalitzats d\u2019alta intensitat, eliminem en una sola sessi\u00f3 la flacciditat de la pell del rostre. Aix\u00ed, els resultats s\u00f3n similars als del l\u00edfting, amb una pell m\u00e9s ferma per\u00f2 sense passar per cirurgia.<\/p><p>\u00c9s un tractament indolor i no invasiu que permet al pacient reincorporar-se a la seva rutina di\u00e0ria un cop realitzat. S\u00f3n 2 aplicacions a l\u2019any per gaudir dels millors resultats.<\/p><\/div><\/div><\/div><div class=\"ea-card sp-ea-single\"><h3 class=\"ea-header\"><a class=\"collapsed\" id=\"ea-header-5405\" role=\"button\" data-sptoggle=\"spcollapse\" data-sptarget=\"#collapse5405\" aria-controls=\"collapse5405\" href=\"#\" aria-expanded=\"false\" tabindex=\"0\"><i aria-hidden=\"true\" role=\"presentation\" class=\"ea-expand-icon eap-icon-ea-expand-plus\"><\/i> Mesoter\u00e0pia facial i capilar<\/a><\/h3><div class=\"sp-collapse spcollapse spcollapse\" id=\"collapse5405\" data-parent=\"#sp-ea-540\" role=\"region\" aria-labelledby=\"ea-header-5405\"> <div class=\"ea-body\"><h4>Rejoveneix i il\u00b7lumina la teva pell o revitalitza el cabell.<\/h4><p>Regula el creixement cel\u00b7lular, frena l\u2019envelliment i estimula la generaci\u00f3 de col\u00b7lagen i elastina per a l\u2019equilibri de la pell o el cabell. Amb la combinaci\u00f3 de vitamines, amino\u00e0cids i minerals, entre d\u2019altres, dels tractaments de mesoter\u00e0pia, aconseguir\u00e0s rejovenir, nodrir, il\u00b7luminar i tensar la pell i revitalitzar el cabell.<\/p><p>Gr\u00e0cies a l\u2019aplicaci\u00f3 de tots aquests actius a trav\u00e9s de microinjeccions, tamb\u00e9 podr\u00e0s combatre l\u2019acne o reduir les cicatrius amb la regeneraci\u00f3 cel\u00b7lular.<\/p><\/div><\/div><\/div><div class=\"ea-card sp-ea-single\"><h3 class=\"ea-header\"><a class=\"collapsed\" id=\"ea-header-5406\" role=\"button\" data-sptoggle=\"spcollapse\" data-sptarget=\"#collapse5406\" aria-controls=\"collapse5406\" href=\"#\" aria-expanded=\"false\" tabindex=\"0\"><i aria-hidden=\"true\" role=\"presentation\" class=\"ea-expand-icon eap-icon-ea-expand-plus\"><\/i> Microblading<\/a><\/h3><div class=\"sp-collapse spcollapse spcollapse\" id=\"collapse5406\" data-parent=\"#sp-ea-540\" role=\"region\" aria-labelledby=\"ea-header-5406\"> <div class=\"ea-body\"><h4>Estudiem la morfologia del teu rostre per mantenir la teva expressi\u00f3 facial.<\/h4><p>Aquesta t\u00e8cnica de maquillatge semipermanent t\u00e9 com a objectiu aconseguir celles hiperrealistes. Realitzem el disseny adequat segons la morfologia del rostre, sempre seguint la proporci\u00f3 aura. L\u2019efecte hiperrealista s\u2019aconsegueix gr\u00e0cies a que el pigment s\u2019aplica a la capa superficial de la dermis i es dibuixa la cella p\u00e8l a p\u00e8l.<\/p><p>La duraci\u00f3 dels efectes i resultats d\u2019aquest tractament \u00e9s aproximadament d\u2019entre 8 a 12 mesos. Amb el pas del temps, el pigment es va degradant i cal fer sessions de manteniment i retoc abans que desaparegui.<\/p><\/div><\/div><\/div><div class=\"ea-card sp-ea-single\"><h3 class=\"ea-header\"><a class=\"collapsed\" id=\"ea-header-5407\" role=\"button\" data-sptoggle=\"spcollapse\" data-sptarget=\"#collapse5407\" aria-controls=\"collapse5407\" href=\"#\" aria-expanded=\"false\" tabindex=\"0\"><i aria-hidden=\"true\" role=\"presentation\" class=\"ea-expand-icon eap-icon-ea-expand-plus\"><\/i> Microneedling facial i capil\u00b7lar<\/a><\/h3><div class=\"sp-collapse spcollapse spcollapse\" id=\"collapse5407\" data-parent=\"#sp-ea-540\" role=\"region\" aria-labelledby=\"ea-header-5407\"> <div class=\"ea-body\"><h4>Estimula la creaci\u00f3 de col\u00b7lagen i elastina.<\/h4><p>El <strong>microneedling<\/strong> consisteix en aplicacions sobre l\u2019epidermis, la primera capa de la pell. Amb agulles molt petites, que poden arribar fins als 2,5 mil\u00b7l\u00edmetres, estimulen la creaci\u00f3 de col\u00b7lagen i elastina. Aquest efecte produeix la reducci\u00f3 d\u2019arrugues, cicatrius i marques d\u2019acne.<\/p><p>A m\u00e9s, com les agulles obren els canals de la pell, \u00e9s m\u00e9s f\u00e0cil que penetrin altres tractaments d\u00e8rmics perqu\u00e8 siguin m\u00e9s efectius.<\/p><p>En el cas del microneedling capil\u00b7lar, s\u2019activen les c\u00e8l\u00b7lules mare del fol\u00b7licle pil\u00f3s i els factors de creixement del propi cabell per frenar la seva caiguda o enfortir-lo. Aquest tractament tamb\u00e9 resulta efica\u00e7 en la preparaci\u00f3 i manteniment d\u2019un implant capil\u00b7lar.<\/p><\/div><\/div><\/div><div class=\"ea-card sp-ea-single\"><h3 class=\"ea-header\"><a class=\"collapsed\" id=\"ea-header-5408\" role=\"button\" data-sptoggle=\"spcollapse\" data-sptarget=\"#collapse5408\" aria-controls=\"collapse5408\" href=\"#\" aria-expanded=\"false\" tabindex=\"0\"><i aria-hidden=\"true\" role=\"presentation\" class=\"ea-expand-icon eap-icon-ea-expand-plus\"><\/i> Radiesse<\/a><\/h3><div class=\"sp-collapse spcollapse spcollapse\" id=\"collapse5408\" data-parent=\"#sp-ea-540\" role=\"region\" aria-labelledby=\"ea-header-5408\"> <div class=\"ea-body\"><h4>Aconsegueix un efecte l\u00edfting a l\u2019instant.<\/h4><p>Tracta les arrugues facials i rejoveneix el teu rostre amb el tractament est\u00e8tic <strong>Radiesse<\/strong>. Consisteix en un farcit d\u00e8rmic que s\u2019aplica un cop realitzat el diagn\u00f2stic m\u00e8dic previ personalitzat, amb el que s\u2019aconsegueix un efecte l\u00edfting a l\u2019instant en aquelles zones que han perdut fermesa.<\/p><p>Est\u00e0 format per actius que estan presents al nostre cos de forma natural, de forma que l\u2019organisme els reabsorbeix sense riscos i de forma r\u00e0pida.<\/p><p>Amb Radiesse, atenua les arrugues i disminueix les l\u00ednies d\u2019expressi\u00f3 causades per l\u2019envelliment. A m\u00e9s, tamb\u00e9 augmenta el volum d\u2019aquelles zones que ho necessiten, com els p\u00f2muls.<\/p><\/div><\/div><\/div><div class=\"ea-card sp-ea-single\"><h3 class=\"ea-header\"><a class=\"collapsed\" id=\"ea-header-5409\" role=\"button\" data-sptoggle=\"spcollapse\" data-sptarget=\"#collapse5409\" aria-controls=\"collapse5409\" href=\"#\" aria-expanded=\"false\" tabindex=\"0\"><i aria-hidden=\"true\" role=\"presentation\" class=\"ea-expand-icon eap-icon-ea-expand-plus\"><\/i> Ren\u00fa<\/a><\/h3><div class=\"sp-collapse spcollapse spcollapse\" id=\"collapse5409\" data-parent=\"#sp-ea-540\" role=\"region\" aria-labelledby=\"ea-header-5409\"> <div class=\"ea-body\"><h4>Corregeix les arrugues i plecs facials.<\/h4><p>L\u2019\u00faltima tecnologia basada en calci del tractament Ren\u00fa estimula el creixement del propi col\u00b7lagen per afavorir l\u2019aparen\u00e7a rejovenida. A m\u00e9s, proporciona correccions est\u00e8tiques de m\u00e9s d\u2019un any sense efectes secundaris.<\/p><p>Aquest tractament est\u00e0 indicat per a aquells pacients que volen corregir les arrugues i plecs facials de moderats a greus i restaurar la p\u00e8rdua de greix facial.<\/p><\/div><\/div><\/div><div class=\"ea-card sp-ea-single\"><h3 class=\"ea-header\"><a class=\"collapsed\" id=\"ea-header-54010\" role=\"button\" data-sptoggle=\"spcollapse\" data-sptarget=\"#collapse54010\" aria-controls=\"collapse54010\" href=\"#\" aria-expanded=\"false\" tabindex=\"0\"><i aria-hidden=\"true\" role=\"presentation\" class=\"ea-expand-icon eap-icon-ea-expand-plus\"><\/i> Trivela<\/a><\/h3><div class=\"sp-collapse spcollapse spcollapse\" id=\"collapse54010\" data-parent=\"#sp-ea-540\" role=\"region\" aria-labelledby=\"ea-header-54010\"> <div class=\"ea-body\"><h4>Rejoveneix el teu aspecte i elimina les taques.<\/h4><p>\u00c9s un tractament facial integral format per tres tractaments en un i que t\u00e9 com a objectiu rejovenir la pell i eliminar les taques. El primer pas \u00e9s aplicar un l\u00e0ser IPL de llum polsada, seguidament s\u2019aplica la radiofreq\u00fc\u00e8ncia a trav\u00e9s de microagulles amb anest\u00e8sia local i treballar les bosses de greix localitzat i, finalment, la radiofreq\u00fc\u00e8ncia nanofraccionada que aporta un efecte de renovaci\u00f3 a la pell.<\/p><\/div><\/div><\/div><div class=\"ea-card sp-ea-single\"><h3 class=\"ea-header\"><a class=\"collapsed\" id=\"ea-header-54011\" role=\"button\" data-sptoggle=\"spcollapse\" data-sptarget=\"#collapse54011\" aria-controls=\"collapse54011\" href=\"#\" aria-expanded=\"false\" tabindex=\"0\"><i aria-hidden=\"true\" role=\"presentation\" class=\"ea-expand-icon eap-icon-ea-expand-plus\"><\/i> Venus Viva<\/a><\/h3><div class=\"sp-collapse spcollapse spcollapse\" id=\"collapse54011\" data-parent=\"#sp-ea-540\" role=\"region\" aria-labelledby=\"ea-header-54011\"> <div class=\"ea-body\"><h4>Rejoveneix el teu cutis amb el tractament m\u00e9s innovador.<\/h4><p><strong>Venus Viva<\/strong> \u00e9s un dels tractaments de rejoveniment facial m\u00e9s innovadors. Amb l\u2019estimulaci\u00f3 de les c\u00e8l\u00b7lules que produeixen el col\u00b7lagen, redu\u00efm les arrugues fines i millorem la textura i flacciditat de les pells envellides.<\/p><p>Aquesta tecnologia d\u2019\u00faltima generaci\u00f3 est\u00e0 indicada per aquells pacients que volen fer-se un tractament facial efectiu i no invasiu.<\/p><\/div><\/div><\/div><\/div><\/div>[\/vc_column_text][\/vc_column_inner][vc_column_inner el_class=\u00bbespemidcol2&#8243; width=\u00bb2\/5&#8243;][vc_single_image image=\u00bb539&#8243; img_size=\u00bbfull\u00bb alignment=\u00bbright\u00bb css=\u00bb\u00bb qode_css_animation=\u00bb\u00bb][\/vc_column_inner][\/vc_row_inner][\/vc_column][\/vc_row]\n<\/div>","protected":false},"excerpt":{"rendered":"<p>[vc_row css_animation=\u00bb\u00bb row_type=\u00bbrow\u00bb use_row_as_full_screen_section=\u00bbno\u00bb type=\u00bbgrid\u00bb angled_section=\u00bbno\u00bb text_align=\u00bbleft\u00bb background_image_as_pattern=\u00bbwithout_pattern\u00bb z_index=\u00bb\u00bb el_class=\u00bbpagespecontainer\u00bb][vc_column][vc_row_inner row_type=\u00bbrow\u00bb type=\u00bbfull_width\u00bb text_align=\u00bbleft\u00bb css_animation=\u00bb\u00bb el_class=\u00bbpagespecontent\u00bb][vc_column_inner width=\u00bb1\/5&#8243;][vc_widget_sidebar sidebar_id=\u00bbvertical_menu_area\u00bb el_class=\u00bbespesubmenu1&#8243;][\/vc_column_inner][vc_column_inner el_class=\u00bbespemidcol1&#8243; width=\u00bb2\/5&#8243;][vc_column_text el_class=\u00bbacordetotith2&#8243;] Nuestros tratamientos IPL y rejuvenecimiento [\/vc_column_text][vc_column_text el_class=\u00bbmedesteacor1 acordetith2&#8243;][\/vc_column_text][\/vc_column_inner][vc_column_inner el_class=\u00bbespemidcol2&#8243; width=\u00bb2\/5&#8243;][vc_single_image image=\u00bb539&#8243; img_size=\u00bbfull\u00bb alignment=\u00bbright\u00bb css=\u00bb\u00bb qode_css_animation=\u00bb\u00bb][\/vc_column_inner][\/vc_row_inner][\/vc_column][\/vc_row]<\/p>\n","protected":false},"author":4,"featured_media":539,"parent":529,"menu_order":1,"comment_status":"closed","ping_status":"closed","template":"","meta":{"_acf_changed":false,"inline_featured_image":false,"footnotes":""},"acf":[],"yoast_head":"<!-- This site is optimized with the Yoast SEO plugin v23.1 - https:\/\/yoast.com\/wordpress\/plugins\/seo\/ -->\n<title>IPL y rejuvenecimiento a Terrassa &#8211; Centro m\u00e9dico N\u00e1yade<\/title>\n<meta name=\"description\" content=\"IPL y rejuvenecimiento en Terrassa: Hilos tensores, Fotodepilaci\u00f3n, Fotorejuvenecimiento, Global Eyecon, HIFU, Mesoterapia, Microblading, Microneedling...\" \/>\n<meta name=\"robots\" content=\"index, follow, max-snippet:-1, max-image-preview:large, max-video-preview:-1\" \/>\n<link rel=\"canonical\" href=\"https:\/\/centromediconayade.com\/es\/medicina-estetica\/ipl-rejuvenecimiento-terrassa\/\" \/>\n<meta property=\"og:locale\" content=\"es_ES\" \/>\n<meta property=\"og:type\" content=\"article\" \/>\n<meta property=\"og:title\" content=\"IPL y rejuvenecimiento a Terrassa &#8211; Centro m\u00e9dico N\u00e1yade\" \/>\n<meta property=\"og:description\" content=\"IPL y rejuvenecimiento en Terrassa: Hilos tensores, Fotodepilaci\u00f3n, Fotorejuvenecimiento, Global Eyecon, HIFU, Mesoterapia, Microblading, Microneedling...\" \/>\n<meta property=\"og:url\" content=\"https:\/\/centromediconayade.com\/es\/medicina-estetica\/ipl-rejuvenecimiento-terrassa\/\" \/>\n<meta property=\"og:site_name\" content=\"Centro m\u00e9dico N\u00e1yade\" \/>\n<meta property=\"article:modified_time\" content=\"2024-06-06T09:42:24+00:00\" \/>\n<meta property=\"og:image\" content=\"https:\/\/centromediconayade.com\/wp-content\/uploads\/2021\/12\/ipl-rejoveniment-terrassa-nayade-me1.jpg\" \/>\n\t<meta property=\"og:image:width\" content=\"800\" \/>\n\t<meta property=\"og:image:height\" content=\"532\" \/>\n\t<meta property=\"og:image:type\" content=\"image\/jpeg\" \/>\n<meta name=\"twitter:card\" content=\"summary_large_image\" \/>\n<meta name=\"twitter:label1\" content=\"Tiempo de lectura\" \/>\n\t<meta name=\"twitter:data1\" content=\"1 minuto\" \/>\n<script type=\"application\/ld+json\" class=\"yoast-schema-graph\">{\"@context\":\"https:\/\/schema.org\",\"@graph\":[{\"@type\":\"WebPage\",\"@id\":\"https:\/\/centromediconayade.com\/es\/medicina-estetica\/ipl-rejuvenecimiento-terrassa\/\",\"url\":\"https:\/\/centromediconayade.com\/es\/medicina-estetica\/ipl-rejuvenecimiento-terrassa\/\",\"name\":\"IPL y rejuvenecimiento a Terrassa &#8211; Centro m\u00e9dico N\u00e1yade\",\"isPartOf\":{\"@id\":\"https:\/\/centromediconayade.com\/es\/#website\"},\"primaryImageOfPage\":{\"@id\":\"https:\/\/centromediconayade.com\/es\/medicina-estetica\/ipl-rejuvenecimiento-terrassa\/#primaryimage\"},\"image\":{\"@id\":\"https:\/\/centromediconayade.com\/es\/medicina-estetica\/ipl-rejuvenecimiento-terrassa\/#primaryimage\"},\"thumbnailUrl\":\"https:\/\/centromediconayade.com\/wp-content\/uploads\/2021\/12\/ipl-rejoveniment-terrassa-nayade-me1.jpg\",\"datePublished\":\"2021-12-23T14:17:09+00:00\",\"dateModified\":\"2024-06-06T09:42:24+00:00\",\"description\":\"IPL y rejuvenecimiento en Terrassa: Hilos tensores, Fotodepilaci\u00f3n, Fotorejuvenecimiento, Global Eyecon, HIFU, Mesoterapia, Microblading, Microneedling...\",\"breadcrumb\":{\"@id\":\"https:\/\/centromediconayade.com\/es\/medicina-estetica\/ipl-rejuvenecimiento-terrassa\/#breadcrumb\"},\"inLanguage\":\"es\",\"potentialAction\":[{\"@type\":\"ReadAction\",\"target\":[\"https:\/\/centromediconayade.com\/es\/medicina-estetica\/ipl-rejuvenecimiento-terrassa\/\"]}]},{\"@type\":\"ImageObject\",\"inLanguage\":\"es\",\"@id\":\"https:\/\/centromediconayade.com\/es\/medicina-estetica\/ipl-rejuvenecimiento-terrassa\/#primaryimage\",\"url\":\"https:\/\/centromediconayade.com\/wp-content\/uploads\/2021\/12\/ipl-rejoveniment-terrassa-nayade-me1.jpg\",\"contentUrl\":\"https:\/\/centromediconayade.com\/wp-content\/uploads\/2021\/12\/ipl-rejoveniment-terrassa-nayade-me1.jpg\",\"width\":800,\"height\":532,\"caption\":\"IPL i rejoveniment a Terrassa, Centre m\u00e8dic N\u00e1yade\"},{\"@type\":\"BreadcrumbList\",\"@id\":\"https:\/\/centromediconayade.com\/es\/medicina-estetica\/ipl-rejuvenecimiento-terrassa\/#breadcrumb\",\"itemListElement\":[{\"@type\":\"ListItem\",\"position\":1,\"name\":\"Inicio\",\"item\":\"https:\/\/centromediconayade.com\/es\/\"},{\"@type\":\"ListItem\",\"position\":2,\"name\":\"Medicina est\u00e9tica\",\"item\":\"https:\/\/centromediconayade.com\/es\/medicina-estetica\/\"},{\"@type\":\"ListItem\",\"position\":3,\"name\":\"IPL y rejuvenecimiento\"}]},{\"@type\":\"WebSite\",\"@id\":\"https:\/\/centromediconayade.com\/es\/#website\",\"url\":\"https:\/\/centromediconayade.com\/es\/\",\"name\":\"Centro m\u00e9dico N\u00e1yade\",\"description\":\"\",\"publisher\":{\"@id\":\"https:\/\/centromediconayade.com\/es\/#organization\"},\"potentialAction\":[{\"@type\":\"SearchAction\",\"target\":{\"@type\":\"EntryPoint\",\"urlTemplate\":\"https:\/\/centromediconayade.com\/es\/?s={search_term_string}\"},\"query-input\":\"required name=search_term_string\"}],\"inLanguage\":\"es\"},{\"@type\":\"Organization\",\"@id\":\"https:\/\/centromediconayade.com\/es\/#organization\",\"name\":\"Centro m\u00e9dico N\u00e1yade\",\"url\":\"https:\/\/centromediconayade.com\/es\/\",\"logo\":{\"@type\":\"ImageObject\",\"inLanguage\":\"es\",\"@id\":\"https:\/\/centromediconayade.com\/es\/#\/schema\/logo\/image\/\",\"url\":\"http:\/\/s1003288360.mialojamiento.es\/wp-content\/uploads\/2021\/12\/centre-medic-nayade-tl1.png\",\"contentUrl\":\"http:\/\/s1003288360.mialojamiento.es\/wp-content\/uploads\/2021\/12\/centre-medic-nayade-tl1.png\",\"width\":360,\"height\":108,\"caption\":\"Centro m\u00e9dico N\u00e1yade\"},\"image\":{\"@id\":\"https:\/\/centromediconayade.com\/es\/#\/schema\/logo\/image\/\"}}]}<\/script>\n<!-- \/ Yoast SEO plugin. -->","yoast_head_json":{"title":"IPL y rejuvenecimiento a Terrassa &#8211; Centro m\u00e9dico N\u00e1yade","description":"IPL y rejuvenecimiento en Terrassa: Hilos tensores, Fotodepilaci\u00f3n, Fotorejuvenecimiento, Global Eyecon, HIFU, Mesoterapia, Microblading, Microneedling...","robots":{"index":"index","follow":"follow","max-snippet":"max-snippet:-1","max-image-preview":"max-image-preview:large","max-video-preview":"max-video-preview:-1"},"canonical":"https:\/\/centromediconayade.com\/es\/medicina-estetica\/ipl-rejuvenecimiento-terrassa\/","og_locale":"es_ES","og_type":"article","og_title":"IPL y rejuvenecimiento a Terrassa &#8211; Centro m\u00e9dico N\u00e1yade","og_description":"IPL y rejuvenecimiento en Terrassa: Hilos tensores, Fotodepilaci\u00f3n, Fotorejuvenecimiento, Global Eyecon, HIFU, Mesoterapia, Microblading, Microneedling...","og_url":"https:\/\/centromediconayade.com\/es\/medicina-estetica\/ipl-rejuvenecimiento-terrassa\/","og_site_name":"Centro m\u00e9dico N\u00e1yade","article_modified_time":"2024-06-06T09:42:24+00:00","og_image":[{"width":800,"height":532,"url":"https:\/\/centromediconayade.com\/wp-content\/uploads\/2021\/12\/ipl-rejoveniment-terrassa-nayade-me1.jpg","type":"image\/jpeg"}],"twitter_card":"summary_large_image","twitter_misc":{"Tiempo de lectura":"1 minuto"},"schema":{"@context":"https:\/\/schema.org","@graph":[{"@type":"WebPage","@id":"https:\/\/centromediconayade.com\/es\/medicina-estetica\/ipl-rejuvenecimiento-terrassa\/","url":"https:\/\/centromediconayade.com\/es\/medicina-estetica\/ipl-rejuvenecimiento-terrassa\/","name":"IPL y rejuvenecimiento a Terrassa &#8211; Centro m\u00e9dico N\u00e1yade","isPartOf":{"@id":"https:\/\/centromediconayade.com\/es\/#website"},"primaryImageOfPage":{"@id":"https:\/\/centromediconayade.com\/es\/medicina-estetica\/ipl-rejuvenecimiento-terrassa\/#primaryimage"},"image":{"@id":"https:\/\/centromediconayade.com\/es\/medicina-estetica\/ipl-rejuvenecimiento-terrassa\/#primaryimage"},"thumbnailUrl":"https:\/\/centromediconayade.com\/wp-content\/uploads\/2021\/12\/ipl-rejoveniment-terrassa-nayade-me1.jpg","datePublished":"2021-12-23T14:17:09+00:00","dateModified":"2024-06-06T09:42:24+00:00","description":"IPL y rejuvenecimiento en Terrassa: Hilos tensores, Fotodepilaci\u00f3n, Fotorejuvenecimiento, Global Eyecon, HIFU, Mesoterapia, Microblading, Microneedling...","breadcrumb":{"@id":"https:\/\/centromediconayade.com\/es\/medicina-estetica\/ipl-rejuvenecimiento-terrassa\/#breadcrumb"},"inLanguage":"es","potentialAction":[{"@type":"ReadAction","target":["https:\/\/centromediconayade.com\/es\/medicina-estetica\/ipl-rejuvenecimiento-terrassa\/"]}]},{"@type":"ImageObject","inLanguage":"es","@id":"https:\/\/centromediconayade.com\/es\/medicina-estetica\/ipl-rejuvenecimiento-terrassa\/#primaryimage","url":"https:\/\/centromediconayade.com\/wp-content\/uploads\/2021\/12\/ipl-rejoveniment-terrassa-nayade-me1.jpg","contentUrl":"https:\/\/centromediconayade.com\/wp-content\/uploads\/2021\/12\/ipl-rejoveniment-terrassa-nayade-me1.jpg","width":800,"height":532,"caption":"IPL i rejoveniment a Terrassa, Centre m\u00e8dic N\u00e1yade"},{"@type":"BreadcrumbList","@id":"https:\/\/centromediconayade.com\/es\/medicina-estetica\/ipl-rejuvenecimiento-terrassa\/#breadcrumb","itemListElement":[{"@type":"ListItem","position":1,"name":"Inicio","item":"https:\/\/centromediconayade.com\/es\/"},{"@type":"ListItem","position":2,"name":"Medicina est\u00e9tica","item":"https:\/\/centromediconayade.com\/es\/medicina-estetica\/"},{"@type":"ListItem","position":3,"name":"IPL y rejuvenecimiento"}]},{"@type":"WebSite","@id":"https:\/\/centromediconayade.com\/es\/#website","url":"https:\/\/centromediconayade.com\/es\/","name":"Centro m\u00e9dico N\u00e1yade","description":"","publisher":{"@id":"https:\/\/centromediconayade.com\/es\/#organization"},"potentialAction":[{"@type":"SearchAction","target":{"@type":"EntryPoint","urlTemplate":"https:\/\/centromediconayade.com\/es\/?s={search_term_string}"},"query-input":"required name=search_term_string"}],"inLanguage":"es"},{"@type":"Organization","@id":"https:\/\/centromediconayade.com\/es\/#organization","name":"Centro m\u00e9dico N\u00e1yade","url":"https:\/\/centromediconayade.com\/es\/","logo":{"@type":"ImageObject","inLanguage":"es","@id":"https:\/\/centromediconayade.com\/es\/#\/schema\/logo\/image\/","url":"http:\/\/s1003288360.mialojamiento.es\/wp-content\/uploads\/2021\/12\/centre-medic-nayade-tl1.png","contentUrl":"http:\/\/s1003288360.mialojamiento.es\/wp-content\/uploads\/2021\/12\/centre-medic-nayade-tl1.png","width":360,"height":108,"caption":"Centro m\u00e9dico N\u00e1yade"},"image":{"@id":"https:\/\/centromediconayade.com\/es\/#\/schema\/logo\/image\/"}}]}},"_links":{"self":[{"href":"https:\/\/centromediconayade.com\/es\/wp-json\/wp\/v2\/pages\/534"}],"collection":[{"href":"https:\/\/centromediconayade.com\/es\/wp-json\/wp\/v2\/pages"}],"about":[{"href":"https:\/\/centromediconayade.com\/es\/wp-json\/wp\/v2\/types\/page"}],"author":[{"embeddable":true,"href":"https:\/\/centromediconayade.com\/es\/wp-json\/wp\/v2\/users\/4"}],"replies":[{"embeddable":true,"href":"https:\/\/centromediconayade.com\/es\/wp-json\/wp\/v2\/comments?post=534"}],"version-history":[{"count":6,"href":"https:\/\/centromediconayade.com\/es\/wp-json\/wp\/v2\/pages\/534\/revisions"}],"predecessor-version":[{"id":2171,"href":"https:\/\/centromediconayade.com\/es\/wp-json\/wp\/v2\/pages\/534\/revisions\/2171"}],"up":[{"embeddable":true,"href":"https:\/\/centromediconayade.com\/es\/wp-json\/wp\/v2\/pages\/529"}],"wp:featuredmedia":[{"embeddable":true,"href":"https:\/\/centromediconayade.com\/es\/wp-json\/wp\/v2\/media\/539"}],"wp:attachment":[{"href":"https:\/\/centromediconayade.com\/es\/wp-json\/wp\/v2\/media?parent=534"}],"curies":[{"name":"wp","href":"https:\/\/api.w.org\/{rel}","templated":true}]}}