{"id":543,"date":"2021-12-23T15:49:00","date_gmt":"2021-12-23T14:49:00","guid":{"rendered":"https:\/\/nayade.publitesa.es\/?page_id=543"},"modified":"2024-06-06T12:21:20","modified_gmt":"2024-06-06T10:21:20","slug":"tratamientos-corporales-terrassa","status":"publish","type":"page","link":"https:\/\/centromediconayade.com\/es\/medicina-estetica\/tratamientos-corporales-terrassa\/","title":{"rendered":"Tratamientos corporales"},"content":{"rendered":"<div class=\"wpb-content-wrapper\">[vc_row css_animation=\u00bb\u00bb row_type=\u00bbrow\u00bb use_row_as_full_screen_section=\u00bbno\u00bb type=\u00bbgrid\u00bb angled_section=\u00bbno\u00bb text_align=\u00bbleft\u00bb background_image_as_pattern=\u00bbwithout_pattern\u00bb z_index=\u00bb\u00bb el_class=\u00bbpagespecontainer\u00bb][vc_column][vc_row_inner row_type=\u00bbrow\u00bb type=\u00bbfull_width\u00bb text_align=\u00bbleft\u00bb css_animation=\u00bb\u00bb el_class=\u00bbpagespecontent\u00bb][vc_column_inner width=\u00bb1\/5&#8243;][vc_widget_sidebar sidebar_id=\u00bbvertical_menu_area\u00bb el_class=\u00bbespesubmenu1&#8243;][\/vc_column_inner][vc_column_inner el_class=\u00bbespemidcol1&#8243; width=\u00bb2\/5&#8243;][vc_column_text el_class=\u00bbacordetotith2&#8243;]\n<h2>Nuestros tratamientos corporales<\/h2>\n[\/vc_column_text][vc_column_text el_class=\u00bbmedesteacor1&#8243;]<style>#sp-ea-541 .spcollapsing { height: 0; overflow: hidden; transition-property: height;transition-duration: 300ms;}#sp-ea-541.sp-easy-accordion>.sp-ea-single {margin-bottom: 10px; border: 0px solid #e2e2e2; }#sp-ea-541.sp-easy-accordion>.sp-ea-single>.ea-header a {color: #444;}#sp-ea-541.sp-easy-accordion>.sp-ea-single>.sp-collapse>.ea-body {background: #fff; color: #444;}#sp-ea-541.sp-easy-accordion>.sp-ea-single {background: rgba(255,255,255,0);}#sp-ea-541.sp-easy-accordion>.sp-ea-single>.ea-header a .ea-expand-icon { float: left; color: #444;font-size: 16px;}<\/style><div id=\"sp_easy_accordion-1777559748\"><div id=\"sp-ea-541\" class=\"sp-ea-one sp-easy-accordion\" data-ea-active=\"ea-click\" data-ea-mode=\"vertical\" data-preloader=\"\" data-scroll-active-item=\"\" data-offset-to-scroll=\"0\"><div class=\"ea-card sp-ea-single\"><h3 class=\"ea-header\"><a class=\"collapsed\" id=\"ea-header-5410\" role=\"button\" data-sptoggle=\"spcollapse\" data-sptarget=\"#collapse5410\" aria-controls=\"collapse5410\" href=\"#\" aria-expanded=\"false\" tabindex=\"0\"><i aria-hidden=\"true\" role=\"presentation\" class=\"ea-expand-icon eap-icon-ea-expand-plus\"><\/i> Bodyshock<\/a><\/h3><div class=\"sp-collapse spcollapse spcollapse\" id=\"collapse5410\" data-parent=\"#sp-ea-541\" role=\"region\" aria-labelledby=\"ea-header-5410\"> <div class=\"ea-body\"><h4>Redueix el contorn a les zones tractades.<\/h4><p>Aquest tractament permet remodelar la figura de forma integral i de forma personalitzada a cada pacient.<\/p><p>La combinaci\u00f3 d\u2019actius redueixen les c\u00e8l\u00b7lules de greix i el contorn de la zona tractada. A m\u00e9s, afavoreixen el drenatge limf\u00e0tic, reafirmen les \u00e0rees del cos que mostren flacciditat i reparen les alteracions cut\u00e0nies.<\/p><\/div><\/div><\/div><div class=\"ea-card sp-ea-single\"><h3 class=\"ea-header\"><a class=\"collapsed\" id=\"ea-header-5411\" role=\"button\" data-sptoggle=\"spcollapse\" data-sptarget=\"#collapse5411\" aria-controls=\"collapse5411\" href=\"#\" aria-expanded=\"false\" tabindex=\"0\"><i aria-hidden=\"true\" role=\"presentation\" class=\"ea-expand-icon eap-icon-ea-expand-plus\"><\/i> Carboxiter\u00e0pia<\/a><\/h3><div class=\"sp-collapse spcollapse spcollapse\" id=\"collapse5411\" data-parent=\"#sp-ea-541\" role=\"region\" aria-labelledby=\"ea-header-5411\"> <div class=\"ea-body\"><h4>Afavoreix l\u2019oxigenaci\u00f3 de les c\u00e8l\u00b7lules corporals amb CO2.<\/h4><p>L\u2019aplicaci\u00f3 de di\u00f2xid de carboni oxigena les c\u00e8l\u00b7lules corporals, millora la circulaci\u00f3 sangu\u00ednia i minimitza el greix acumulat. D\u2019aquesta manera, la <strong>carboxiter\u00e0pia<\/strong> permet reduir la cel\u00b7lulitis i el volum de la zona tractada, invisibilitzar les cicatrius o marques i augmentar la fermesa de la pell. La cara, les ulleres, el coll, l\u2019abdomen, els bra\u00e7os, els glutis i les cames s\u00f3n les zones del cos m\u00e9s recomanables per aplicar aquest tractament.<\/p><p>Segons la zona a tractar, es necessiten entre 5 i 10 sessions. Un cop realitzada la sessi\u00f3, el pacient pot reincorporar-se a la seva rutina di\u00e0ria sense dificultats.<\/p><\/div><\/div><\/div><div class=\"ea-card sp-ea-single\"><h3 class=\"ea-header\"><a class=\"collapsed\" id=\"ea-header-5412\" role=\"button\" data-sptoggle=\"spcollapse\" data-sptarget=\"#collapse5412\" aria-controls=\"collapse5412\" href=\"#\" aria-expanded=\"false\" tabindex=\"0\"><i aria-hidden=\"true\" role=\"presentation\" class=\"ea-expand-icon eap-icon-ea-expand-plus\"><\/i> Crema greix (Inshape)<\/a><\/h3><div class=\"sp-collapse spcollapse spcollapse\" id=\"collapse5412\" data-parent=\"#sp-ea-541\" role=\"region\" aria-labelledby=\"ea-header-5412\"> <div class=\"ea-body\"><h4>Aconsegueix la figura que sempre has somiat sense esfor\u00e7os.<\/h4><p><strong>Crema greix<\/strong> i tonifica el teu cos amb el m\u00ednim temps possible.<\/p><p>Amb la nova tecnologia Inshape, aconsegueix la figura que sempre has desitjat. Aquest nou aparell produeix fins a 20.000 contraccions en 30 minuts. Un tractament d\u2019electroestimulaci\u00f3 recomanat per a abdominals, glutis, cames i bra\u00e7os.<\/p><p>A m\u00e9s, els nostres professionals elaboren un diagn\u00f2stic previ per con\u00e8ixer el teu cas i aplicar el tractament de forma personalitzada.<\/p><\/div><\/div><\/div><div class=\"ea-card sp-ea-single\"><h3 class=\"ea-header\"><a class=\"collapsed\" id=\"ea-header-5413\" role=\"button\" data-sptoggle=\"spcollapse\" data-sptarget=\"#collapse5413\" aria-controls=\"collapse5413\" href=\"#\" aria-expanded=\"false\" tabindex=\"0\"><i aria-hidden=\"true\" role=\"presentation\" class=\"ea-expand-icon eap-icon-ea-expand-plus\"><\/i> Fils tensors abdomen i bra\u00e7os<\/a><\/h3><div class=\"sp-collapse spcollapse spcollapse\" id=\"collapse5413\" data-parent=\"#sp-ea-541\" role=\"region\" aria-labelledby=\"ea-header-5413\"> <div class=\"ea-body\"><h4>Millora l\u2019aspecte i frena l\u2019envelliment del teu abdomen i bra\u00e7os.<\/h4><p>Els tractaments est\u00e8tics amb <strong>fils tensors<\/strong> per reduir la flacciditat de la pell s\u00f3n cada cop m\u00e9s populars. I \u00e9s que el pas dels anys fa que la nostra pell perdi col\u00b7lagen i elastina de forma natural.<\/p><p>A l\u2019abdomen i els bra\u00e7os, els fils tensors ajuden a millorar el seu aspecte i frenar l\u2019envelliment. A m\u00e9s, la recuperaci\u00f3 \u00e9s r\u00e0pida i el pacient pot tornar a la seva activitat di\u00e0ria m\u00e9s d\u2019hora que amb altres tractaments.<\/p><\/div><\/div><\/div><div class=\"ea-card sp-ea-single\"><h3 class=\"ea-header\"><a class=\"collapsed\" id=\"ea-header-5414\" role=\"button\" data-sptoggle=\"spcollapse\" data-sptarget=\"#collapse5414\" aria-controls=\"collapse5414\" href=\"#\" aria-expanded=\"false\" tabindex=\"0\"><i aria-hidden=\"true\" role=\"presentation\" class=\"ea-expand-icon eap-icon-ea-expand-plus\"><\/i> Fototer\u00e0pia biodin\u00e0mica<\/a><\/h3><div class=\"sp-collapse spcollapse spcollapse\" id=\"collapse5414\" data-parent=\"#sp-ea-541\" role=\"region\" aria-labelledby=\"ea-header-5414\"> <div class=\"ea-body\"><h4>Utilitzem la llum per cuidar la teva pell de forma natural.<\/h4><p>La <strong>fototer\u00e0pia biodin\u00e0mica<\/strong> permet tractar problemes cutanis com l\u2019acne, les taques i les arrugues o calmar la pell un cop realitzats tractaments est\u00e8tics m\u00e9s agressius.<\/p><p>Aquesta t\u00e8cnica no invasiva utilitza l\u2019estimulaci\u00f3 natural de la pell per aconseguir la seva pr\u00f2pia recuperaci\u00f3. Combina un peeling previ i l\u2019\u00fas de s\u00e8rums espec\u00edfics que reaccionen a la llum segons l\u2019afecci\u00f3 a tractar.<\/p><\/div><\/div><\/div><div class=\"ea-card sp-ea-single\"><h3 class=\"ea-header\"><a class=\"collapsed\" id=\"ea-header-5415\" role=\"button\" data-sptoggle=\"spcollapse\" data-sptarget=\"#collapse5415\" aria-controls=\"collapse5415\" href=\"#\" aria-expanded=\"false\" tabindex=\"0\"><i aria-hidden=\"true\" role=\"presentation\" class=\"ea-expand-icon eap-icon-ea-expand-plus\"><\/i> L\u00e0ser lipol\u00edtic<\/a><\/h3><div class=\"sp-collapse spcollapse spcollapse\" id=\"collapse5415\" data-parent=\"#sp-ea-541\" role=\"region\" aria-labelledby=\"ea-header-5415\"> <div class=\"ea-body\"><h4>Elimina el greix corporal de forma indolora.<\/h4><p>Apostem per la innovaci\u00f3 i l\u2019\u00faltima tecnologia per aconseguir els millors resultats. El <strong>l\u00e0ser lipol\u00edtic<\/strong> (tamb\u00e9 conegut com \u201cliposucci\u00f3 sense cirurgia\u201d) \u00e9s un dels tractaments m\u00e9s demandats en medicina est\u00e8tica, ja que permet reduir el greix corporal sense passar per quir\u00f2fan i de forma indolora i no invasiva.<\/p><p>Amb l\u2019\u00fas del l\u00e0ser d\u00edode de baixa freq\u00fc\u00e8ncia, arribem directament a les c\u00e8l\u00b7lules adiposes (greix) per eliminar-les de manera natural, amb un mecanisme anomenat lip\u00f2lisi. Aix\u00ed, el cos destrueix el greix i s\u2019elimina per l\u2019orina o la suor. El tractament de l\u00e0ser lipol\u00edtic est\u00e0 recomanat per l\u2019abdomen, malucs, glutis, cames i bra\u00e7os.<\/p><\/div><\/div><\/div><div class=\"ea-card sp-ea-single\"><h3 class=\"ea-header\"><a class=\"collapsed\" id=\"ea-header-5416\" role=\"button\" data-sptoggle=\"spcollapse\" data-sptarget=\"#collapse5416\" aria-controls=\"collapse5416\" href=\"#\" aria-expanded=\"false\" tabindex=\"0\"><i aria-hidden=\"true\" role=\"presentation\" class=\"ea-expand-icon eap-icon-ea-expand-plus\"><\/i> Mesoter\u00e0pia corporal<\/a><\/h3><div class=\"sp-collapse spcollapse spcollapse\" id=\"collapse5416\" data-parent=\"#sp-ea-541\" role=\"region\" aria-labelledby=\"ea-header-5416\"> <div class=\"ea-body\"><h4>Redueix el greix localitzat de forma terap\u00e8utica.<\/h4><p>\u00c9s la millor t\u00e8cnica terap\u00e8utica per reduir el greix localitzat i combatre la retenci\u00f3 de l\u00edquids. Amb la introducci\u00f3 intrad\u00e8rmica d\u2019actius a trav\u00e9s d\u2019injeccions superficials, la <strong>mesoter\u00e0pia corporal<\/strong> t\u00e9 molts beneficis: estimula el metabolisme i minimitza la cel\u00b7lulitis. A m\u00e9s, millora el drenatge limf\u00e0tic, l\u2019aspecte de la pell i la seva oxigenaci\u00f3.<\/p><p>Pot combinar-se amb massatges drenants i aplicar-se a les cames, glutis, cuixes, abdomen i bra\u00e7os.<\/p><\/div><\/div><\/div><div class=\"ea-card sp-ea-single\"><h3 class=\"ea-header\"><a class=\"collapsed\" id=\"ea-header-5417\" role=\"button\" data-sptoggle=\"spcollapse\" data-sptarget=\"#collapse5417\" aria-controls=\"collapse5417\" href=\"#\" aria-expanded=\"false\" tabindex=\"0\"><i aria-hidden=\"true\" role=\"presentation\" class=\"ea-expand-icon eap-icon-ea-expand-plus\"><\/i> Pressoter\u00e0pia<\/a><\/h3><div class=\"sp-collapse spcollapse spcollapse\" id=\"collapse5417\" data-parent=\"#sp-ea-541\" role=\"region\" aria-labelledby=\"ea-header-5417\"> <div class=\"ea-body\"><h4>Millora la circulaci\u00f3 i combat la cel\u00b7lulitis.<\/h4><p>Afavoreix el drenatge limf\u00e0tic amb la <strong>pressoter\u00e0pia<\/strong>.<\/p><p>Gr\u00e0cies a l\u2019aplicaci\u00f3 de pressions d\u2019aire sobre diferents parts del cos, oxigena els teixits i recupera l\u2019elasticitat de la teva pell.\u00a0 A m\u00e9s, estimula el sistema circulatori i elimina l\u00edquids, greixos i toxines que generen cel\u00b7lulitis, edemes, limfoedemes i altres trastorns com les varius.<\/p><p>Els beneficis del tractament de pressoter\u00e0pia s\u00f3n:<\/p><ul><li>Millora la circulaci\u00f3<\/li><li>Redueix i combat la cel\u00b7lulitis<\/li><li>Disminueix la retenci\u00f3 de l\u00edquids i cames cansades<\/li><li>Fomenta l\u2019oxigenaci\u00f3 i millora el to i fermesa de la pell<\/li><li>Estimula el sistema immunol\u00f2gic<\/li><\/ul><\/div><\/div><\/div><div class=\"ea-card sp-ea-single\"><h3 class=\"ea-header\"><a class=\"collapsed\" id=\"ea-header-5418\" role=\"button\" data-sptoggle=\"spcollapse\" data-sptarget=\"#collapse5418\" aria-controls=\"collapse5418\" href=\"#\" aria-expanded=\"false\" tabindex=\"0\"><i aria-hidden=\"true\" role=\"presentation\" class=\"ea-expand-icon eap-icon-ea-expand-plus\"><\/i> Punts rub\u00ed<\/a><\/h3><div class=\"sp-collapse spcollapse spcollapse\" id=\"collapse5418\" data-parent=\"#sp-ea-541\" role=\"region\" aria-labelledby=\"ea-header-5418\"> <div class=\"ea-body\"><h4>Digues ad\u00e9u als punts vermells del teu cos.<\/h4><p>Els <strong>punts rub\u00ed<\/strong> s\u00f3n els coneguts punts vermells que apareixen en qualsevol part del cos, tot i que s\u00f3n m\u00e9s freq\u00fcents al tronc i els bra\u00e7os. Majorit\u00e0riament s\u00f3n benignes, per\u00f2 poden provocar mol\u00e8sties est\u00e8tiques.<\/p><p>Aquestes dilatacions de capil\u00b7lars s\u00f3n causades per l\u2019envelliment de la pell i her\u00e8ncia gen\u00e8rica. Protegir-se del sol pot afavorir la prevenci\u00f3, ja que aix\u00ed endarrerim l\u2019envelliment de la dermis.<\/p><p>Cal estar atents a si els punts rub\u00ed provoquen mol\u00e8sties com picor, dolor, co\u00efssor o sagnat o pateixen canvis. Els nostres professionals realitzen el diagn\u00f2stic m\u00e9s prec\u00eds per avaluar cada cas i aplicar el millor tractament de medicina est\u00e8tica, com l\u2019electrocoagulaci\u00f3, la crioter\u00e0pia o el l\u00e0ser.<\/p><\/div><\/div><\/div><div class=\"ea-card sp-ea-single\"><h3 class=\"ea-header\"><a class=\"collapsed\" id=\"ea-header-5419\" role=\"button\" data-sptoggle=\"spcollapse\" data-sptarget=\"#collapse5419\" aria-controls=\"collapse5419\" href=\"#\" aria-expanded=\"false\" tabindex=\"0\"><i aria-hidden=\"true\" role=\"presentation\" class=\"ea-expand-icon eap-icon-ea-expand-plus\"><\/i> Radiofreq\u00fc\u00e8ncia<\/a><\/h3><div class=\"sp-collapse spcollapse spcollapse\" id=\"collapse5419\" data-parent=\"#sp-ea-541\" role=\"region\" aria-labelledby=\"ea-header-5419\"> <div class=\"ea-body\"><h4>Tractament no invasiu i indolor per millorar el teu aspecte.<\/h4><p>\u00c9s un dels tractaments integrals m\u00e9s coneguts i demandats en medicina est\u00e8tica, ja que \u00e9s no invasiu i indolor. Amb la <strong>radiofreq\u00fc\u00e8ncia<\/strong>, millorar\u00e0s l\u2019aspecte de la teva pell i la teva figura: redueix les arrugues i la cel\u00b7lulitis, activa la circulaci\u00f3 sangu\u00ednia i elimina el greix i l\u00edquids del cos gr\u00e0cies a les radiacions electromagn\u00e8tiques que penetren a la dermis:<\/p><ul><li>Redueix la retenci\u00f3 de l\u00edquids<\/li><li>Accelera el metabolisme<\/li><li>Genera col\u00b7lagen i recupera la fermesa perduda<\/li><li>Elimina toxines i preveu l\u2019aparici\u00f3 de cel\u00b7lulitis<\/li><\/ul><p>A m\u00e9s, tamb\u00e9 comptem amb la t\u00e8cnica Vacum per drenar a trav\u00e9s de la pell i aix\u00ed reduir volum i greix localitzat.<\/p><\/div><\/div><\/div><div class=\"ea-card sp-ea-single\"><h3 class=\"ea-header\"><a class=\"collapsed\" id=\"ea-header-54110\" role=\"button\" data-sptoggle=\"spcollapse\" data-sptarget=\"#collapse54110\" aria-controls=\"collapse54110\" href=\"#\" aria-expanded=\"false\" tabindex=\"0\"><i aria-hidden=\"true\" role=\"presentation\" class=\"ea-expand-icon eap-icon-ea-expand-plus\"><\/i> Rejoveniment \u00edntim<\/a><\/h3><div class=\"sp-collapse spcollapse spcollapse\" id=\"collapse54110\" data-parent=\"#sp-ea-541\" role=\"region\" aria-labelledby=\"ea-header-54110\"> <div class=\"ea-body\"><h4>Millora la teva zona \u00edntima.<\/h4><p>Conjunt de procediments que permeten millorar la zona \u00edntima de la dona. Amb el pas dels anys, els embarassos, parts, canvis hormonals o menopausa tamb\u00e9 pateix canvis i per aquesta ra\u00f3 existeixen tractaments est\u00e8tics que permeten tornar a portar una vida sexual m\u00e9s plaent i plena de confian\u00e7a.<\/p><p>Amb els tractaments de rejoveniment \u00edntim aconseguim:<\/p><ul class=\"subeul\"><li>Tractar la incontin\u00e8ncia urin\u00e0ria<\/li><li>Tonificar el canal vaginal<\/li><li>Combatre la sequedat de la zona \u00edntima<\/li><li>Millorar l\u2019aspecte general de l\u2019aparell genital femen\u00ed<\/li><\/ul><h5>Rejoveniment \u00edntim amb augment<\/h5><p>Un dels tractaments m\u00e9s demandats \u00e9s aquesta t\u00e8cnica no quir\u00fargica que permet augmentar el volum i gruix dels llavis majors. Amb infiltracions d\u2019\u00e0cid hialur\u00f2nic, s\u2019aconsegueix millorar l\u2019aspecte dels genitals.<\/p><\/div><\/div><\/div><\/div><\/div>[\/vc_column_text][\/vc_column_inner][vc_column_inner el_class=\u00bbespemidcol2&#8243; width=\u00bb2\/5&#8243;][vc_single_image image=\u00bb554&#8243; img_size=\u00bbfull\u00bb alignment=\u00bbright\u00bb css=\u00bb\u00bb qode_css_animation=\u00bb\u00bb][\/vc_column_inner][\/vc_row_inner][\/vc_column][\/vc_row]\n<\/div>","protected":false},"excerpt":{"rendered":"<p>[vc_row css_animation=\u00bb\u00bb row_type=\u00bbrow\u00bb use_row_as_full_screen_section=\u00bbno\u00bb type=\u00bbgrid\u00bb angled_section=\u00bbno\u00bb text_align=\u00bbleft\u00bb background_image_as_pattern=\u00bbwithout_pattern\u00bb z_index=\u00bb\u00bb el_class=\u00bbpagespecontainer\u00bb][vc_column][vc_row_inner row_type=\u00bbrow\u00bb type=\u00bbfull_width\u00bb text_align=\u00bbleft\u00bb css_animation=\u00bb\u00bb el_class=\u00bbpagespecontent\u00bb][vc_column_inner width=\u00bb1\/5&#8243;][vc_widget_sidebar sidebar_id=\u00bbvertical_menu_area\u00bb el_class=\u00bbespesubmenu1&#8243;][\/vc_column_inner][vc_column_inner el_class=\u00bbespemidcol1&#8243; width=\u00bb2\/5&#8243;][vc_column_text el_class=\u00bbacordetotith2&#8243;] Nuestros tratamientos corporales [\/vc_column_text][vc_column_text el_class=\u00bbmedesteacor1&#8243;][\/vc_column_text][\/vc_column_inner][vc_column_inner el_class=\u00bbespemidcol2&#8243; width=\u00bb2\/5&#8243;][vc_single_image image=\u00bb554&#8243; img_size=\u00bbfull\u00bb alignment=\u00bbright\u00bb css=\u00bb\u00bb qode_css_animation=\u00bb\u00bb][\/vc_column_inner][\/vc_row_inner][\/vc_column][\/vc_row]<\/p>\n","protected":false},"author":4,"featured_media":554,"parent":529,"menu_order":2,"comment_status":"closed","ping_status":"closed","template":"","meta":{"_acf_changed":false,"inline_featured_image":false,"footnotes":""},"acf":[],"yoast_head":"<!-- This site is optimized with the Yoast SEO plugin v23.1 - https:\/\/yoast.com\/wordpress\/plugins\/seo\/ -->\n<title>Tratamientos corporales a Terrassa &#8211; Centro m\u00e9dico N\u00e1yade<\/title>\n<meta name=\"description\" content=\"Tratamientos corporales en Terraza: Bodyshock, Carboxiterapia, Crema grasa, Hilos tensores, Fototerapia biodin\u00e1mica, L\u00e1ser lipol\u00edtico, Presoterapia...\" \/>\n<meta name=\"robots\" content=\"index, follow, max-snippet:-1, max-image-preview:large, max-video-preview:-1\" \/>\n<link rel=\"canonical\" href=\"https:\/\/centromediconayade.com\/es\/medicina-estetica\/tratamientos-corporales-terrassa\/\" \/>\n<meta property=\"og:locale\" content=\"es_ES\" \/>\n<meta property=\"og:type\" content=\"article\" \/>\n<meta property=\"og:title\" content=\"Tratamientos corporales a Terrassa &#8211; Centro m\u00e9dico N\u00e1yade\" \/>\n<meta property=\"og:description\" content=\"Tratamientos corporales en Terraza: Bodyshock, Carboxiterapia, Crema grasa, Hilos tensores, Fototerapia biodin\u00e1mica, L\u00e1ser lipol\u00edtico, Presoterapia...\" \/>\n<meta property=\"og:url\" content=\"https:\/\/centromediconayade.com\/es\/medicina-estetica\/tratamientos-corporales-terrassa\/\" \/>\n<meta property=\"og:site_name\" content=\"Centro m\u00e9dico N\u00e1yade\" \/>\n<meta property=\"article:modified_time\" content=\"2024-06-06T10:21:20+00:00\" \/>\n<meta property=\"og:image\" content=\"https:\/\/centromediconayade.com\/wp-content\/uploads\/2021\/12\/tractaments-corporals-terrassa-nayade-me1.jpg\" \/>\n\t<meta property=\"og:image:width\" content=\"800\" \/>\n\t<meta property=\"og:image:height\" content=\"532\" \/>\n\t<meta property=\"og:image:type\" content=\"image\/jpeg\" \/>\n<meta name=\"twitter:card\" content=\"summary_large_image\" \/>\n<meta name=\"twitter:label1\" content=\"Tiempo de lectura\" \/>\n\t<meta name=\"twitter:data1\" content=\"1 minuto\" \/>\n<script type=\"application\/ld+json\" class=\"yoast-schema-graph\">{\"@context\":\"https:\/\/schema.org\",\"@graph\":[{\"@type\":\"WebPage\",\"@id\":\"https:\/\/centromediconayade.com\/es\/medicina-estetica\/tratamientos-corporales-terrassa\/\",\"url\":\"https:\/\/centromediconayade.com\/es\/medicina-estetica\/tratamientos-corporales-terrassa\/\",\"name\":\"Tratamientos corporales a Terrassa &#8211; Centro m\u00e9dico N\u00e1yade\",\"isPartOf\":{\"@id\":\"https:\/\/centromediconayade.com\/es\/#website\"},\"primaryImageOfPage\":{\"@id\":\"https:\/\/centromediconayade.com\/es\/medicina-estetica\/tratamientos-corporales-terrassa\/#primaryimage\"},\"image\":{\"@id\":\"https:\/\/centromediconayade.com\/es\/medicina-estetica\/tratamientos-corporales-terrassa\/#primaryimage\"},\"thumbnailUrl\":\"https:\/\/centromediconayade.com\/wp-content\/uploads\/2021\/12\/tractaments-corporals-terrassa-nayade-me1.jpg\",\"datePublished\":\"2021-12-23T14:49:00+00:00\",\"dateModified\":\"2024-06-06T10:21:20+00:00\",\"description\":\"Tratamientos corporales en Terraza: Bodyshock, Carboxiterapia, Crema grasa, Hilos tensores, Fototerapia biodin\u00e1mica, L\u00e1ser lipol\u00edtico, Presoterapia...\",\"breadcrumb\":{\"@id\":\"https:\/\/centromediconayade.com\/es\/medicina-estetica\/tratamientos-corporales-terrassa\/#breadcrumb\"},\"inLanguage\":\"es\",\"potentialAction\":[{\"@type\":\"ReadAction\",\"target\":[\"https:\/\/centromediconayade.com\/es\/medicina-estetica\/tratamientos-corporales-terrassa\/\"]}]},{\"@type\":\"ImageObject\",\"inLanguage\":\"es\",\"@id\":\"https:\/\/centromediconayade.com\/es\/medicina-estetica\/tratamientos-corporales-terrassa\/#primaryimage\",\"url\":\"https:\/\/centromediconayade.com\/wp-content\/uploads\/2021\/12\/tractaments-corporals-terrassa-nayade-me1.jpg\",\"contentUrl\":\"https:\/\/centromediconayade.com\/wp-content\/uploads\/2021\/12\/tractaments-corporals-terrassa-nayade-me1.jpg\",\"width\":800,\"height\":532,\"caption\":\"Tractaments corporals a Terrassa, Centre m\u00e8dic N\u00e1yade\"},{\"@type\":\"BreadcrumbList\",\"@id\":\"https:\/\/centromediconayade.com\/es\/medicina-estetica\/tratamientos-corporales-terrassa\/#breadcrumb\",\"itemListElement\":[{\"@type\":\"ListItem\",\"position\":1,\"name\":\"Inicio\",\"item\":\"https:\/\/centromediconayade.com\/es\/\"},{\"@type\":\"ListItem\",\"position\":2,\"name\":\"Medicina est\u00e9tica\",\"item\":\"https:\/\/centromediconayade.com\/es\/medicina-estetica\/\"},{\"@type\":\"ListItem\",\"position\":3,\"name\":\"Tratamientos corporales\"}]},{\"@type\":\"WebSite\",\"@id\":\"https:\/\/centromediconayade.com\/es\/#website\",\"url\":\"https:\/\/centromediconayade.com\/es\/\",\"name\":\"Centro m\u00e9dico N\u00e1yade\",\"description\":\"\",\"publisher\":{\"@id\":\"https:\/\/centromediconayade.com\/es\/#organization\"},\"potentialAction\":[{\"@type\":\"SearchAction\",\"target\":{\"@type\":\"EntryPoint\",\"urlTemplate\":\"https:\/\/centromediconayade.com\/es\/?s={search_term_string}\"},\"query-input\":\"required name=search_term_string\"}],\"inLanguage\":\"es\"},{\"@type\":\"Organization\",\"@id\":\"https:\/\/centromediconayade.com\/es\/#organization\",\"name\":\"Centro m\u00e9dico N\u00e1yade\",\"url\":\"https:\/\/centromediconayade.com\/es\/\",\"logo\":{\"@type\":\"ImageObject\",\"inLanguage\":\"es\",\"@id\":\"https:\/\/centromediconayade.com\/es\/#\/schema\/logo\/image\/\",\"url\":\"http:\/\/s1003288360.mialojamiento.es\/wp-content\/uploads\/2021\/12\/centre-medic-nayade-tl1.png\",\"contentUrl\":\"http:\/\/s1003288360.mialojamiento.es\/wp-content\/uploads\/2021\/12\/centre-medic-nayade-tl1.png\",\"width\":360,\"height\":108,\"caption\":\"Centro m\u00e9dico N\u00e1yade\"},\"image\":{\"@id\":\"https:\/\/centromediconayade.com\/es\/#\/schema\/logo\/image\/\"}}]}<\/script>\n<!-- \/ Yoast SEO plugin. -->","yoast_head_json":{"title":"Tratamientos corporales a Terrassa &#8211; Centro m\u00e9dico N\u00e1yade","description":"Tratamientos corporales en Terraza: Bodyshock, Carboxiterapia, Crema grasa, Hilos tensores, Fototerapia biodin\u00e1mica, L\u00e1ser lipol\u00edtico, Presoterapia...","robots":{"index":"index","follow":"follow","max-snippet":"max-snippet:-1","max-image-preview":"max-image-preview:large","max-video-preview":"max-video-preview:-1"},"canonical":"https:\/\/centromediconayade.com\/es\/medicina-estetica\/tratamientos-corporales-terrassa\/","og_locale":"es_ES","og_type":"article","og_title":"Tratamientos corporales a Terrassa &#8211; Centro m\u00e9dico N\u00e1yade","og_description":"Tratamientos corporales en Terraza: Bodyshock, Carboxiterapia, Crema grasa, Hilos tensores, Fototerapia biodin\u00e1mica, L\u00e1ser lipol\u00edtico, Presoterapia...","og_url":"https:\/\/centromediconayade.com\/es\/medicina-estetica\/tratamientos-corporales-terrassa\/","og_site_name":"Centro m\u00e9dico N\u00e1yade","article_modified_time":"2024-06-06T10:21:20+00:00","og_image":[{"width":800,"height":532,"url":"https:\/\/centromediconayade.com\/wp-content\/uploads\/2021\/12\/tractaments-corporals-terrassa-nayade-me1.jpg","type":"image\/jpeg"}],"twitter_card":"summary_large_image","twitter_misc":{"Tiempo de lectura":"1 minuto"},"schema":{"@context":"https:\/\/schema.org","@graph":[{"@type":"WebPage","@id":"https:\/\/centromediconayade.com\/es\/medicina-estetica\/tratamientos-corporales-terrassa\/","url":"https:\/\/centromediconayade.com\/es\/medicina-estetica\/tratamientos-corporales-terrassa\/","name":"Tratamientos corporales a Terrassa &#8211; Centro m\u00e9dico N\u00e1yade","isPartOf":{"@id":"https:\/\/centromediconayade.com\/es\/#website"},"primaryImageOfPage":{"@id":"https:\/\/centromediconayade.com\/es\/medicina-estetica\/tratamientos-corporales-terrassa\/#primaryimage"},"image":{"@id":"https:\/\/centromediconayade.com\/es\/medicina-estetica\/tratamientos-corporales-terrassa\/#primaryimage"},"thumbnailUrl":"https:\/\/centromediconayade.com\/wp-content\/uploads\/2021\/12\/tractaments-corporals-terrassa-nayade-me1.jpg","datePublished":"2021-12-23T14:49:00+00:00","dateModified":"2024-06-06T10:21:20+00:00","description":"Tratamientos corporales en Terraza: Bodyshock, Carboxiterapia, Crema grasa, Hilos tensores, Fototerapia biodin\u00e1mica, L\u00e1ser lipol\u00edtico, Presoterapia...","breadcrumb":{"@id":"https:\/\/centromediconayade.com\/es\/medicina-estetica\/tratamientos-corporales-terrassa\/#breadcrumb"},"inLanguage":"es","potentialAction":[{"@type":"ReadAction","target":["https:\/\/centromediconayade.com\/es\/medicina-estetica\/tratamientos-corporales-terrassa\/"]}]},{"@type":"ImageObject","inLanguage":"es","@id":"https:\/\/centromediconayade.com\/es\/medicina-estetica\/tratamientos-corporales-terrassa\/#primaryimage","url":"https:\/\/centromediconayade.com\/wp-content\/uploads\/2021\/12\/tractaments-corporals-terrassa-nayade-me1.jpg","contentUrl":"https:\/\/centromediconayade.com\/wp-content\/uploads\/2021\/12\/tractaments-corporals-terrassa-nayade-me1.jpg","width":800,"height":532,"caption":"Tractaments corporals a Terrassa, Centre m\u00e8dic N\u00e1yade"},{"@type":"BreadcrumbList","@id":"https:\/\/centromediconayade.com\/es\/medicina-estetica\/tratamientos-corporales-terrassa\/#breadcrumb","itemListElement":[{"@type":"ListItem","position":1,"name":"Inicio","item":"https:\/\/centromediconayade.com\/es\/"},{"@type":"ListItem","position":2,"name":"Medicina est\u00e9tica","item":"https:\/\/centromediconayade.com\/es\/medicina-estetica\/"},{"@type":"ListItem","position":3,"name":"Tratamientos corporales"}]},{"@type":"WebSite","@id":"https:\/\/centromediconayade.com\/es\/#website","url":"https:\/\/centromediconayade.com\/es\/","name":"Centro m\u00e9dico N\u00e1yade","description":"","publisher":{"@id":"https:\/\/centromediconayade.com\/es\/#organization"},"potentialAction":[{"@type":"SearchAction","target":{"@type":"EntryPoint","urlTemplate":"https:\/\/centromediconayade.com\/es\/?s={search_term_string}"},"query-input":"required name=search_term_string"}],"inLanguage":"es"},{"@type":"Organization","@id":"https:\/\/centromediconayade.com\/es\/#organization","name":"Centro m\u00e9dico N\u00e1yade","url":"https:\/\/centromediconayade.com\/es\/","logo":{"@type":"ImageObject","inLanguage":"es","@id":"https:\/\/centromediconayade.com\/es\/#\/schema\/logo\/image\/","url":"http:\/\/s1003288360.mialojamiento.es\/wp-content\/uploads\/2021\/12\/centre-medic-nayade-tl1.png","contentUrl":"http:\/\/s1003288360.mialojamiento.es\/wp-content\/uploads\/2021\/12\/centre-medic-nayade-tl1.png","width":360,"height":108,"caption":"Centro m\u00e9dico N\u00e1yade"},"image":{"@id":"https:\/\/centromediconayade.com\/es\/#\/schema\/logo\/image\/"}}]}},"_links":{"self":[{"href":"https:\/\/centromediconayade.com\/es\/wp-json\/wp\/v2\/pages\/543"}],"collection":[{"href":"https:\/\/centromediconayade.com\/es\/wp-json\/wp\/v2\/pages"}],"about":[{"href":"https:\/\/centromediconayade.com\/es\/wp-json\/wp\/v2\/types\/page"}],"author":[{"embeddable":true,"href":"https:\/\/centromediconayade.com\/es\/wp-json\/wp\/v2\/users\/4"}],"replies":[{"embeddable":true,"href":"https:\/\/centromediconayade.com\/es\/wp-json\/wp\/v2\/comments?post=543"}],"version-history":[{"count":5,"href":"https:\/\/centromediconayade.com\/es\/wp-json\/wp\/v2\/pages\/543\/revisions"}],"predecessor-version":[{"id":2198,"href":"https:\/\/centromediconayade.com\/es\/wp-json\/wp\/v2\/pages\/543\/revisions\/2198"}],"up":[{"embeddable":true,"href":"https:\/\/centromediconayade.com\/es\/wp-json\/wp\/v2\/pages\/529"}],"wp:featuredmedia":[{"embeddable":true,"href":"https:\/\/centromediconayade.com\/es\/wp-json\/wp\/v2\/media\/554"}],"wp:attachment":[{"href":"https:\/\/centromediconayade.com\/es\/wp-json\/wp\/v2\/media?parent=543"}],"curies":[{"name":"wp","href":"https:\/\/api.w.org\/{rel}","templated":true}]}}